{"id":6,"date":"2018-11-07T18:35:10","date_gmt":"2018-11-07T17:35:10","guid":{"rendered":"http:\/\/www.raccontinellarete.it\/263\/?page_id=6"},"modified":"2026-01-12T16:37:42","modified_gmt":"2026-01-12T15:37:42","slug":"regolamento-premio-letterario-racconti-nella-rete-2009-ottava-edizione","status":"publish","type":"page","link":"https:\/\/www.raccontinellarete.it\/?page_id=6","title":{"rendered":"Regolamento Premio Racconti nella Rete\u00ae 2026"},"content":{"rendered":"<h2><a href=\"301\/wp-register.php\">Per registrarti clicca qui <\/a><\/h2>\n<p><a href=\"301\/wp-admin\/\">Se sei gi\u00e0 registrato clicca qui<\/a><\/p>\n<p style=\"margin: auto 0cm; text-align: justify;\"><strong>Premio Letterario Racconti nella Rete\u00ae 2026<\/strong><\/p>\n<p style=\"text-align: justify;\"><strong>Regolamento 25^ edizione<\/strong><\/p>\n<div style=\"text-align: justify;\"><span style=\"text-decoration: underline;\"><strong><span style=\"color: #0000ff; text-decoration: underline;\">Racconti accettati a partire dal 25 ottobre 2025<\/span><\/strong><\/span><\/div>\n<div><span style=\"text-decoration: underline;\"><strong>Scadenza inserimento nel sito dei racconti in revisione, <span style=\"color: #ff0000;\">ore 24 del 31 MAGGIO 2026.<\/span><\/strong><\/span><\/div>\n<div><\/div>\n<div>L\u2019Associazione Culturale LuccAutori \u00ae presenta la 25^ edizione del Premio Letterario Racconti nella Rete\u00ae. L\u2019obiettivo dell\u2019Associazione \u00e8 quello di offrire occasioni di confronto tra lettori e scrittori di racconti, sfruttando le potenzialit\u00e0 di Internet.\u00a0 Attraverso il sito <a href=\"https:\/\/www.raccontinellarete.it\/\">www.raccontinellarete.it<\/a>, si vuole dare possibilit\u00e0 di espressione a scrittori in erba e a non pi\u00f9 giovani talenti, allo scopo di stimolare, aggregare, valorizzare e promuovere le creativit\u00e0 e le attitudini professionali in ambito letterario.<\/div>\n<div><strong>Al termine del concorso saranno selezionati e premiati 25 racconti con la pubblicazione nell&#8217;antologia edita da Castelvecchi.\u00a0<\/strong><\/div>\n<p style=\"text-align: justify;\"><span style=\"font-weight: normal;\">Per poter pubblicare il proprio racconto nel sito, \u00e8 necessario\u00a0<strong>registrarsi gratuitamente<\/strong> con <\/span>nome e cognome<span style=\"font-weight: normal;\"><strong> e\u00a0<span style=\"text-decoration: underline;\">inserire il racconto (IMPORTANTE &#8211; <span style=\"color: #0000ff; text-decoration: underline;\">inserite soltanto il testo definitivo<\/span>) in revisione &#8211;<span style=\"color: #ff0000; text-decoration: underline;\"> salva bozza<\/span><\/span><\/strong><\/span><span style=\"color: #ff0000;\"><strong>.<\/strong><\/span><\/p>\n<p style=\"text-align: justify;\"><span style=\"text-decoration: underline;\"><strong>IMPORTANTE:\u00a0come nickname utilizzate il vostro\u00a0NOME \u00a0e COGNOME.\u00a0\u00a0 Nel nome utente deve figurare il nome e cognome utilizzato come firma del vostro racconto. <\/strong><\/span><\/p>\n<p style=\"text-align: justify;\"><strong><span style=\"text-decoration: underline;\">Soltanto se\u00a0 il racconto viene accettato\u00a0in concorso\u00a0ed\u00a0 inserito nel sito<\/span> &#8211; <em>in questo caso gli autori riceveranno una comunicazione via e-mail<\/em> &#8211;\u00a0 si dovr\u00e0 versare\u00a0un contributo associativo di trenta euro (30\u20ac) per ogni racconto accettato in concorso .<\/strong><\/p>\n<p><span style=\"color: #0000ff;\"><strong>Per ogni autore iscritto, potranno essere accettati in concorso non pi\u00f9 di tre racconti.\u00a0 <span style=\"text-decoration: underline;\">Per ogni racconto selezionato dovr\u00e0 essere versata la quota di 30 euro.\u00a0<\/span><\/strong><\/span><\/p>\n<p>Pertanto, per l\u2019iscrizione \u00a0alle categorie Racconti e Corti \u00a0con pi\u00f9 elaborati, sar\u00e0 necessario provvedere al versamento di tante quote quanti sono\u00a0 gli elaborati accettati in concorso.<\/p>\n<p style=\"text-align: justify;\"><span style=\"color: #0000ff;\"><span style=\"text-decoration: underline;\"><strong>SPECIALE GIOVANI<\/strong><\/span> \u00a0<strong><span style=\"text-decoration: underline;\">Fino ai 25 anni<\/span> (da compiere entro il 2026) il contributo associativo \u00e8 di venti euro (20\u20ac) per ogni racconto inserito in concorso.\u00a0<\/strong><\/span><\/p>\n<p style=\"text-align: justify;\">I racconti pervenuti al sito <span style=\"text-decoration: underline;\"><strong>entro e non oltre il 31 maggio 2026<\/strong><\/span>\u00a0verranno sottoposti al giudizio di una giuria di qualit\u00e0, la quale selezioner\u00e0 i 25 racconti che ad ottobre <span style=\"text-decoration: underline;\">verranno pubblicati in un\u2019antologia edita da Castelvecchi &#8211; che avr\u00e0 distribuzione nazionale<\/span>. A questa si aggiunger\u00e0 anche la versione ebook. <strong>\u00a0<\/strong><\/p>\n<p style=\"text-align: justify;\">L\u2019antologia sar\u00e0 presentata in anteprima in occasione della manifestazione <strong>LuccAutori 2026<\/strong>, in programma a Lucca nel mese di ottobre.<\/p>\n<p style=\"text-align: justify;\">Il Premio \u00e8 infatti collegato alla <span style=\"text-decoration: underline;\"><strong>32^ edizione del festival letterario LuccAutori\u00ae<\/strong><\/span>. Gli autori vincitori saranno protagonisti della manifestazione e in tale occasione presentati al pubblico e alla stampa insieme a noti personaggi del mondo della letteratura. Al termine della manifestazione letteraria i racconti entreranno a far parte dell\u2019archivio on-line della manifestazione.<\/p>\n<p style=\"text-align: justify;\"><span style=\"text-decoration: underline;\"><strong><span style=\"color: #0000ff; text-decoration: underline;\">Regolamento<\/span><\/strong><\/span><\/p>\n<p style=\"text-align: justify;\"><strong><span style=\"color: #0000ff;\">Le modalit\u00e0 e i requisiti per accedere al Premio sono i seguenti:<\/span><\/strong><\/p>\n<p style=\"text-align: justify;\">&#8211; <strong>Sono ammessi al Premio Racconti nella Rete\u00ae racconti <span style=\"text-decoration: underline;\">inediti<\/span> in lingua italiana (non pubblicati da una casa editrice).\u00a0 Racconti inediti in lingua straniera con relativa traduzione in lingua italiana.\u00a0 Nel racconto sono ammesse brevi frasi in lingua straniera o dialettale.\u00a0\u00a0<span style=\"text-decoration: underline;\">Si consiglia una lunghezza non superiore alle cinque cartelle (9000 caratteri spazi esclusi).<\/span><\/strong><\/p>\n<p style=\"text-align: justify;\">&#8211; I racconti sono a tema libero. L\u2019eventuale sviluppo narrativo non ha alcuna restrizione di genere. Non sono ammessi racconti erotici, volgari \u00a0o offensivi verso il prossimo. E\u2019 prevista una sezione\u00a0riservata ai <strong>&#8220;<span style=\"color: #0000ff;\">racconti per bambini&#8221;<\/span><\/strong>. Se partecipate a questa sezione\u00a0<strong><span style=\"text-decoration: underline;\">indicatelo<\/span><\/strong>\u00a0insieme\u00a0al titolo del racconto.<\/p>\n<p style=\"text-align: justify;\">&#8211; L\u2019inserimento dei testi in concorso da sottoporre al comitato organizzatore di \u201cRacconti nella Rete\u201d dovr\u00e0 avvenire <strong>entro le ore 24 del 31 maggio 2026<\/strong>.<\/p>\n<p style=\"text-align: justify;\">&#8211; <span style=\"text-decoration: underline;\"><strong>La registrazione al sito<\/strong>, <strong>che deve avvenire\u00a0con nome e cognome inseriti visibili nello spazio &#8216;nome utente&#8217;<\/strong>, <\/span><strong><span style=\"text-decoration: underline;\">\u00e8 gratuita<\/span>.<\/strong> Questo permette di partecipare al blog e di esprimere il proprio <span style=\"color: #0000ff;\">commento<\/span>, che viene valutato e moderato dal webmaster, sui racconti gi\u00e0 pubblicati nel sito.<\/p>\n<p style=\"text-align: justify;\"><strong><span style=\"color: #ff0000; text-decoration: underline;\">IMPORTANTE <\/span>&#8211;\u00a0 E&#8217; opportuno ribadire che questo \u00e8 un sito letterario.<\/strong> <strong>Pertanto i commenti ai racconti e alle news devono riguardare <span style=\"text-decoration: underline;\">esclusivamente<\/span> i testi in concorso.\u00a0<\/strong>\u00a0<strong><span style=\"color: #000000;\"><span style=\"text-decoration: underline;\">Non sono ammesse note critiche\u00a0 senza alcun costrutto.<\/span>\u00a0 <span style=\"text-decoration: underline;\">Semmai i\u00a0commenti devono incoraggiare gli autori alle prima esperienza.<\/span> <\/span>\u00a0In caso contrario il moderatore provveder\u00e0 ad eliminarli. <span style=\"color: #0000ff;\">I commenti non influiscono sul lavoro della giuria<\/span>. \u00a0Il sito \u00e8 nato per favorire \u00a0lo scambio di opinioni e informazioni tra gli utenti che in seguito, nel rispetto di tutti,\u00a0devono proseguire al di fuori del sito<\/strong>.<\/p>\n<p style=\"text-align: justify;\">&#8211; Dopo la registrazione gratuita e l\u2019inserimento in bozza del racconto, <strong>soltanto gli autori dei racconti selezionati e pubblicati nel sito ad <span style=\"text-decoration: underline;\">insindacabile giudizio del comitato organizzatore del premio \u201cRacconti nella Rete 2026<\/span>\u201d,\u00a0riceveranno una comunicazione via e-mail e saranno tenuti al versamento di un contributo di trenta euro (30\u20ac)<\/strong> per il sostegno delle attivit\u00e0 dell\u2019Associazione Culturale LuccAutori, da versare sul conto corrente postale n. 37010295 intestato ad Associazione Culturale LuccAutori &#8211; via\u00a0 San Tommaso D&#8217;Aquino 21, 55049 Viareggio (Lu) oppure <span style=\"text-decoration: underline;\">iban\u00a0<\/span> IT 18 I 0760113700000037010295.<\/p>\n<p style=\"text-align: justify;\">&#8211; Nella causale del bollettino postale va indicato il <span style=\"text-decoration: underline;\">titolo del racconto e il nome e cognome dell\u2019autore.<\/span><\/p>\n<p style=\"text-align: justify;\">&#8211; A seguito dell\u2019avvenuto inserimento del racconto nel sito verr\u00e0 inoltrata una comunicazione via e- mail. Saranno richiesti una breve nota biografica dell\u2019autore(dati personali, impiego professionale, note di colore, hobby e altro), ed i recapiti (posta elettronica, numeri di telefono di rete fissa e cellulare, indirizzo dell\u2019abitazione).<\/p>\n<p style=\"text-align: justify;\">&#8211; <strong>Il mancato versamento della quota di partecipazione<\/strong> oltre cinque giorni dalla data di inserimento del racconto nel sito <strong>comporter\u00e0<\/strong> la <span style=\"color: #0000ff;\"><strong>cancellazione<\/strong><\/span> automatica dello stesso e <strong>l\u2019esclusione dal Premio Letterario<\/strong>. Questo avverr\u00e0 durante tutto il periodo di svolgimento del progetto.<\/p>\n<p style=\"text-align: justify;\"><span style=\"color: #0000ff;\">&#8211; <span style=\"text-decoration: underline;\"><strong>La giuria tecnica indicher\u00e0 a suo insindacabile giudizio<\/strong><\/span> <strong>i\u00a0 titoli dei 25 racconti vincitori<\/strong> &#8211; <strong>che<\/strong> <strong>verranno comunicati nel sito<\/strong>\u00a0 entro il mese di <strong>giugno 2026<\/strong>.<\/span><\/p>\n<p style=\"text-align: justify;\"><strong>&#8211; Al termine del concorso saranno selezionati e premiati 25 racconti<\/strong> con<strong> la <span style=\"text-decoration: underline;\">pubblicazione<\/span> in una antologia edita da Castelvecchi.\u00a0<\/strong><\/p>\n<p style=\"text-align: justify;\"><strong>Premio BUDUAR per il racconto umoristico<\/strong>. \u00a0Il testo sar\u00e0 scelto tra i venticinque vincitori del Premio letterario Racconti nella Rete 2026. La premiazione si svolger\u00e0 a Lucca nell\u2019ambito del Festival LuccAutori. Buduar \u00e8 un giornale che si occupa di satira e umorismo attraverso le molteplici sfaccettature. \u00a0Diretto da <span class=\"s1\">Dino Aloi con\u00a0<\/span>\u00a0<span class=\"s1\">Alessandro Prevosto\u00a0<\/span>[condirettore] e\u00a0<span class=\"s1\">Marco De Angelis\u00a0<\/span>[caporedattore]. Un giornale tutto da sfogliare al sito\u00a0<a href=\"http:\/\/www.buduar.it\/\">www.buduar.it . <\/a><\/p>\n<p>Saranno anche assegnati il\u00a0 <strong>Premio Fondazione AIDR<\/strong> al miglior racconto selezionato tra quelli inviati dagli studenti delle scuole secondarie di primo e secondo grado. Il premio del sito <strong>HAPPYIN<\/strong> riservato al miglior racconto di viaggio. Il premio <strong>Strada del Vino e dell\u2019Olio Lucca, Montecarlo e Versilia <\/strong>sar\u00e0 assegnato al racconto che esalti il rapporto tra prodotti, territorio e tradizione enogastronomica del nostro Paese.<\/p>\n<p style=\"text-align: justify;\">&#8211; <strong>I venticinque autori vincitori<\/strong>\u00a0potranno acquistare le <strong>antologie a prezzo scontato<\/strong> in occasione della premiazione in programma a Lucca a ottobre nell&#8217;ambito del <strong>festival LuccAutori<\/strong>.\u00a0 La nostra associazione \u00e8 tenuta ad acquistare un certo numero di copie dall&#8217;editore e pertanto, con il vostro aiuto, cercheremo di rientrare almeno in parte nelle spese.\u00a0 Ad esempio per\u00a0 venti copie dell\u2019antologia \u2013 prezzo di copertina dodici euro \u2013 spenderete soltanto\u00a0 duecento euro.\u00a0 <span style=\"text-decoration: underline;\">Il numero delle copie \u00e8 indicativo e facoltativo.\u00a0<\/span><\/p>\n<p style=\"text-align: justify;\"><span style=\"text-decoration: underline;\">In seguito l&#8217;editore provveder\u00e0 a distribuirle in tutte le librerie italiane.<\/span><\/p>\n<p style=\"text-align: justify;\">&#8211; L\u2019insieme dei racconti selezionati per l\u2019edizione 2026 andr\u00e0 a costituire una sezione temporanea dell\u2019archivio del sito.<\/p>\n<p style=\"text-align: justify;\">&#8211; <span style=\"text-decoration: underline;\">In caso di inserimento nell\u2019antologia 2026, \u00a0la liberatoria che verr\u00e0 richiesta per la pubblicazione a titolo gratuito nell\u2019antologia dovr\u00e0 pervenire entro e non oltre il 5 luglio 2026, pena l\u2019esclusione dal Premio.<\/span><\/p>\n<p style=\"text-align: justify;\"><strong><span style=\"text-decoration: underline;\"><span style=\"color: #0000ff; text-decoration: underline;\">ATTENZIONE<\/span><\/span> &#8211; <span style=\"color: #0000ff;\">Gli autori vincitori delle edizioni di &#8220;Racconti nella Rete&#8221; tra il 2002 ed il 2018 incluso, possono partecipare nuovamente al premio nella sezione racconti.\u00a0 Tutti i vincitori della sezione racconti possono partecipare alla sezione Corti ed i vincitori della sezione Corti possono partecipare a quella dei Racconti.\u00a0<\/span><\/strong><\/p>\n<p style=\"text-align: justify;\">Tutti gli autori conservano la propriet\u00e0 dei diritti, pur consentendo all\u2019Associazione Culturale LuccAutori\u00ae la pubblicazione del racconto all\u2019interno del sito <a href=\"https:\/\/www.raccontinellarete.it\/\">www.raccontinellarete.it<\/a>\u00a0 e\u00a0 &#8211; nel caso di selezione da parte della giuria tecnica\u00a0&#8211; acconsentono alla pubblicazione a titolo gratuito nell\u2019antologia edita da Castelvecchi e nella versione ebook.<\/p>\n<p style=\"text-align: justify;\">La partecipazione al premio letterario implica l\u2019accettazione del presente regolamento.<\/p>\n<p style=\"text-align: justify;\">I dati personali saranno trattati a norma del D.Lgs\u00a0 196\/2003.<\/p>\n<p style=\"text-align: justify;\">Per informazioni: <a href=\"mailto:info@raccontinellarete.it\">info@raccontinellarete.it<\/a> tel.\u00a0 0584 651874<\/p>\n<h2 class=\"MsoNormal\" style=\"text-align: justify;\"><a href=\"301\/wp-register.php\" target=\"_blank\" rel=\"noopener noreferrer\">Per registrarti clicca qui <\/a><\/h2>\n<p class=\"MsoNormal\" style=\"text-align: justify;\"><a href=\"301\/wp-admin\/\" target=\"_blank\" rel=\"noopener noreferrer\">Se sei gi\u00e0 registrato clicca qui<\/a><\/p>\n<p><iframe loading=\"lazy\" title=\"LuccAutori 2024 su Rai Tre servizio di Rai Parlamento\" width=\"500\" height=\"281\" src=\"https:\/\/www.youtube.com\/embed\/5yW6FrZDing?feature=oembed\" frameborder=\"0\" allow=\"accelerometer; autoplay; clipboard-write; encrypted-media; gyroscope; picture-in-picture; web-share\" referrerpolicy=\"strict-origin-when-cross-origin\" allowfullscreen><\/iframe><\/p>\n<p><iframe loading=\"lazy\" title=\"Festival LuccAutori 2022 &quot;Save the Date&quot; Rai 5\" width=\"500\" height=\"281\" src=\"https:\/\/www.youtube.com\/embed\/Sa0j5ukx3KE?feature=oembed\" frameborder=\"0\" allow=\"accelerometer; autoplay; clipboard-write; encrypted-media; gyroscope; picture-in-picture; web-share\" referrerpolicy=\"strict-origin-when-cross-origin\" allowfullscreen><\/iframe><\/p>\n<p><iframe loading=\"lazy\" title=\"Racconti nella Rete 2021 - Rai Parlamento\" width=\"500\" height=\"281\" src=\"https:\/\/www.youtube.com\/embed\/PdZsvbUfZGI?feature=oembed\" frameborder=\"0\" allow=\"accelerometer; autoplay; clipboard-write; encrypted-media; gyroscope; picture-in-picture; web-share\" referrerpolicy=\"strict-origin-when-cross-origin\" allowfullscreen><\/iframe><\/p>\n<p><iframe loading=\"lazy\" title=\"Racconti nella Rete 2020\" width=\"500\" height=\"281\" src=\"https:\/\/www.youtube.com\/embed\/sNCFlZSQhbg?feature=oembed\" frameborder=\"0\" allow=\"accelerometer; autoplay; clipboard-write; encrypted-media; gyroscope; picture-in-picture; web-share\" referrerpolicy=\"strict-origin-when-cross-origin\" allowfullscreen><\/iframe><\/p>\n<p><iframe loading=\"lazy\" title=\"LuccAutori 2019 Rai Tre Spazio libero \/ Rai Parlamento\" width=\"500\" height=\"375\" src=\"https:\/\/www.youtube.com\/embed\/fnVe-I6wOkI?feature=oembed\" frameborder=\"0\" allow=\"accelerometer; autoplay; clipboard-write; encrypted-media; gyroscope; picture-in-picture; web-share\" referrerpolicy=\"strict-origin-when-cross-origin\" allowfullscreen><\/iframe><\/p>\n\n\n<p><\/p>\n<div class=\"pvc_clear\"><\/div><p id=\"pvc_stats_6\" class=\"pvc_stats all  \" data-element-id=\"6\" style=\"\"><i class=\"pvc-stats-icon medium\" aria-hidden=\"true\"><svg aria-hidden=\"true\" focusable=\"false\" data-prefix=\"far\" data-icon=\"chart-bar\" role=\"img\" xmlns=\"http:\/\/www.w3.org\/2000\/svg\" viewBox=\"0 0 512 512\" class=\"svg-inline--fa fa-chart-bar fa-w-16 fa-2x\"><path fill=\"currentColor\" d=\"M396.8 352h22.4c6.4 0 12.8-6.4 12.8-12.8V108.8c0-6.4-6.4-12.8-12.8-12.8h-22.4c-6.4 0-12.8 6.4-12.8 12.8v230.4c0 6.4 6.4 12.8 12.8 12.8zm-192 0h22.4c6.4 0 12.8-6.4 12.8-12.8V140.8c0-6.4-6.4-12.8-12.8-12.8h-22.4c-6.4 0-12.8 6.4-12.8 12.8v198.4c0 6.4 6.4 12.8 12.8 12.8zm96 0h22.4c6.4 0 12.8-6.4 12.8-12.8V204.8c0-6.4-6.4-12.8-12.8-12.8h-22.4c-6.4 0-12.8 6.4-12.8 12.8v134.4c0 6.4 6.4 12.8 12.8 12.8zM496 400H48V80c0-8.84-7.16-16-16-16H16C7.16 64 0 71.16 0 80v336c0 17.67 14.33 32 32 32h464c8.84 0 16-7.16 16-16v-16c0-8.84-7.16-16-16-16zm-387.2-48h22.4c6.4 0 12.8-6.4 12.8-12.8v-70.4c0-6.4-6.4-12.8-12.8-12.8h-22.4c-6.4 0-12.8 6.4-12.8 12.8v70.4c0 6.4 6.4 12.8 12.8 12.8z\" class=\"\"><\/path><\/svg><\/i> <img loading=\"lazy\" decoding=\"async\" width=\"16\" height=\"16\" alt=\"Loading\" src=\"https:\/\/www.raccontinellarete.it\/301\/wp-content\/plugins\/page-views-count\/ajax-loader-2x.gif\" border=0 \/><\/p><div class=\"pvc_clear\"><\/div>","protected":false},"excerpt":{"rendered":"<p>Per registrarti clicca qui Se sei gi\u00e0 registrato clicca qui Premio Letterario Racconti nella Rete\u00ae 2026 Regolamento 25^ edizione Racconti accettati a partire dal 25 ottobre 2025 Scadenza inserimento nel sito dei racconti in revisione, ore 24 del 31 MAGGIO 2026. L\u2019Associazione Culturale LuccAutori \u00ae presenta la 25^ edizione del Premio Letterario Racconti nella Rete\u00ae. [&hellip;]<\/p>\n<div class=\"pvc_clear\"><\/div>\n<p id=\"pvc_stats_6\" class=\"pvc_stats all  \" data-element-id=\"6\" style=\"\"><i class=\"pvc-stats-icon medium\" aria-hidden=\"true\"><svg aria-hidden=\"true\" focusable=\"false\" data-prefix=\"far\" data-icon=\"chart-bar\" role=\"img\" xmlns=\"http:\/\/www.w3.org\/2000\/svg\" viewBox=\"0 0 512 512\" class=\"svg-inline--fa fa-chart-bar fa-w-16 fa-2x\"><path fill=\"currentColor\" d=\"M396.8 352h22.4c6.4 0 12.8-6.4 12.8-12.8V108.8c0-6.4-6.4-12.8-12.8-12.8h-22.4c-6.4 0-12.8 6.4-12.8 12.8v230.4c0 6.4 6.4 12.8 12.8 12.8zm-192 0h22.4c6.4 0 12.8-6.4 12.8-12.8V140.8c0-6.4-6.4-12.8-12.8-12.8h-22.4c-6.4 0-12.8 6.4-12.8 12.8v198.4c0 6.4 6.4 12.8 12.8 12.8zm96 0h22.4c6.4 0 12.8-6.4 12.8-12.8V204.8c0-6.4-6.4-12.8-12.8-12.8h-22.4c-6.4 0-12.8 6.4-12.8 12.8v134.4c0 6.4 6.4 12.8 12.8 12.8zM496 400H48V80c0-8.84-7.16-16-16-16H16C7.16 64 0 71.16 0 80v336c0 17.67 14.33 32 32 32h464c8.84 0 16-7.16 16-16v-16c0-8.84-7.16-16-16-16zm-387.2-48h22.4c6.4 0 12.8-6.4 12.8-12.8v-70.4c0-6.4-6.4-12.8-12.8-12.8h-22.4c-6.4 0-12.8 6.4-12.8 12.8v70.4c0 6.4 6.4 12.8 12.8 12.8z\" class=\"\"><\/path><\/svg><\/i> <img loading=\"lazy\" decoding=\"async\" width=\"16\" height=\"16\" alt=\"Loading\" src=\"https:\/\/www.raccontinellarete.it\/301\/wp-content\/plugins\/page-views-count\/ajax-loader-2x.gif\" border=0 \/><\/p>\n<div class=\"pvc_clear\"><\/div>\n","protected":false},"author":13023,"featured_media":34501,"parent":4730,"menu_order":10,"comment_status":"closed","ping_status":"closed","template":"","meta":{"footnotes":""},"class_list":["post-6","page","type-page","status-publish","has-post-thumbnail","hentry"],"_links":{"self":[{"href":"https:\/\/www.raccontinellarete.it\/index.php?rest_route=\/wp\/v2\/pages\/6"}],"collection":[{"href":"https:\/\/www.raccontinellarete.it\/index.php?rest_route=\/wp\/v2\/pages"}],"about":[{"href":"https:\/\/www.raccontinellarete.it\/index.php?rest_route=\/wp\/v2\/types\/page"}],"author":[{"embeddable":true,"href":"https:\/\/www.raccontinellarete.it\/index.php?rest_route=\/wp\/v2\/users\/13023"}],"replies":[{"embeddable":true,"href":"https:\/\/www.raccontinellarete.it\/index.php?rest_route=%2Fwp%2Fv2%2Fcomments&post=6"}],"version-history":[{"count":110,"href":"https:\/\/www.raccontinellarete.it\/index.php?rest_route=\/wp\/v2\/pages\/6\/revisions"}],"predecessor-version":[{"id":58275,"href":"https:\/\/www.raccontinellarete.it\/index.php?rest_route=\/wp\/v2\/pages\/6\/revisions\/58275"}],"up":[{"embeddable":true,"href":"https:\/\/www.raccontinellarete.it\/index.php?rest_route=\/wp\/v2\/pages\/4730"}],"wp:featuredmedia":[{"embeddable":true,"href":"https:\/\/www.raccontinellarete.it\/index.php?rest_route=\/wp\/v2\/media\/34501"}],"wp:attachment":[{"href":"https:\/\/www.raccontinellarete.it\/index.php?rest_route=%2Fwp%2Fv2%2Fmedia&parent=6"}],"curies":[{"name":"wp","href":"https:\/\/api.w.org\/{rel}","templated":true}]}}